{"id":1597,"date":"2022-02-08T17:17:01","date_gmt":"2022-02-08T16:17:01","guid":{"rendered":"https:\/\/www.ghislainegarcin.fr\/?page_id=1597"},"modified":"2025-10-08T16:34:39","modified_gmt":"2025-10-08T14:34:39","slug":"atelier-creation-de-tapis-en-feutre-de-laine","status":"publish","type":"page","link":"https:\/\/www.ghislainegarcin.fr\/en\/atelier-creation-de-tapis-en-feutre-de-laine\/","title":{"rendered":"studio"},"content":{"rendered":"<div data-elementor-type=\"wp-page\" data-elementor-id=\"1597\" class=\"elementor elementor-1597\">\n\t\t\t\t\t\t<section class=\"elementor-section elementor-top-section elementor-element elementor-element-4e64f02 elementor-section-full_width elementor-section-height-default elementor-section-height-default\" data-id=\"4e64f02\" data-element_type=\"section\">\n\t\t\t\t\t\t<div class=\"elementor-container elementor-column-gap-default\">\n\t\t\t\t\t<div class=\"elementor-column elementor-col-100 elementor-top-column elementor-element elementor-element-e54f6cb\" data-id=\"e54f6cb\" data-element_type=\"column\">\n\t\t\t<div class=\"elementor-widget-wrap elementor-element-populated\">\n\t\t\t\t\t\t<div class=\"elementor-element elementor-element-7608b84 elementor-widget elementor-widget-video\" data-id=\"7608b84\" data-element_type=\"widget\" data-settings=\"{&quot;video_type&quot;:&quot;hosted&quot;,&quot;start&quot;:1,&quot;show_image_overlay&quot;:&quot;yes&quot;,&quot;image_overlay&quot;:{&quot;url&quot;:&quot;https:\\\/\\\/www.ghislainegarcin.fr\\\/wp-content\\\/uploads\\\/2022\\\/02\\\/atelier2.jpg&quot;,&quot;id&quot;:1599,&quot;size&quot;:&quot;&quot;},&quot;controls&quot;:&quot;yes&quot;}\" data-widget_type=\"video.default\">\n\t\t\t\t<div class=\"elementor-widget-container\">\n\t\t\t\t\t\t\t<div class=\"e-hosted-video elementor-wrapper elementor-open-inline\">\n\t\t\t\t\t<video class=\"elementor-video\" src=\"https:\/\/www.ghislainegarcin.fr\/wp-content\/uploads\/2020\/02\/LMF5ghis480.mov#t=1\" controls=\"\" preload=\"metadata\" controlslist=\"nodownload\" poster=\"https:\/\/www.ghislainegarcin.fr\/wp-content\/uploads\/2022\/02\/atelier2.jpg\"><\/video>\n\t\t\t\t\t\t<div class=\"elementor-custom-embed-image-overlay\" style=\"background-image: url(https:\/\/www.ghislainegarcin.fr\/wp-content\/uploads\/2022\/02\/atelier2.jpg);\">\n\t\t\t\t\t\t\t\t\t\t\t\t\t\t\t\t<div class=\"elementor-custom-embed-play\" role=\"button\" aria-label=\"Play Video\" tabindex=\"0\">\n\t\t\t\t\t\t\t<i aria-hidden=\"true\" class=\"eicon-play\"><\/i>\t\t\t\t\t\t<\/div>\n\t\t\t\t\t\t\t\t\t<\/div>\n\t\t\t\t\t<\/div>\n\t\t\t\t\t\t<\/div>\n\t\t\t\t<\/div>\n\t\t\t\t<div class=\"elementor-element elementor-element-555c445 elementor-widget elementor-widget-text-editor\" data-id=\"555c445\" data-element_type=\"widget\" data-widget_type=\"text-editor.default\">\n\t\t\t\t<div class=\"elementor-widget-container\">\n\t\t\t\t\t\t\t\t\t<p><span style=\"color: #a33a25;\">Video excerpt from <a style=\"color: #a33a25;\" href=\"https:\/\/www.france.tv\/france-5\/la-maison-france-5\/1153041-la-maison-france-5.html\"><strong>La Maison France 5<\/strong><\/a>. The program, shot in Marseilles, was released on 2020\/01\/31. Interview St\u00e9phane Thebaut.<\/span><\/p>\t\t\t\t\t\t\t\t<\/div>\n\t\t\t\t<\/div>\n\t\t\t\t<div class=\"elementor-element elementor-element-43f904c elementor-invisible elementor-widget elementor-widget-heading\" data-id=\"43f904c\" data-element_type=\"widget\" data-settings=\"{&quot;_animation&quot;:&quot;fadeIn&quot;}\" data-widget_type=\"heading.default\">\n\t\t\t\t<div class=\"elementor-widget-container\">\n\t\t\t\t\t<h1 class=\"elementor-heading-title elementor-size-default\">Le feutre de laine, un savoir-faire m\u00e9connu<\/h1>\t\t\t\t<\/div>\n\t\t\t\t<\/div>\n\t\t\t\t<div class=\"elementor-element elementor-element-760efae elementor-widget elementor-widget-text-editor\" data-id=\"760efae\" data-element_type=\"widget\" data-widget_type=\"text-editor.default\">\n\t\t\t\t<div class=\"elementor-widget-container\">\n\t\t\t\t\t\t\t\t\t<p style=\"text-align: center;\">Wool felt, a little-valued know-how<\/p>\t\t\t\t\t\t\t\t<\/div>\n\t\t\t\t<\/div>\n\t\t\t\t\t<\/div>\n\t\t<\/div>\n\t\t\t\t\t<\/div>\n\t\t<\/section>\n\t\t\t\t<section class=\"elementor-section elementor-top-section elementor-element elementor-element-88f99f7 elementor-section-stretched elementor-section-boxed elementor-section-height-default elementor-section-height-default\" data-id=\"88f99f7\" data-element_type=\"section\" data-settings=\"{&quot;stretch_section&quot;:&quot;section-stretched&quot;}\">\n\t\t\t\t\t\t<div class=\"elementor-container elementor-column-gap-default\">\n\t\t\t\t\t<div class=\"elementor-column elementor-col-50 elementor-top-column elementor-element elementor-element-aa8133a\" data-id=\"aa8133a\" data-element_type=\"column\">\n\t\t\t<div class=\"elementor-widget-wrap elementor-element-populated\">\n\t\t\t\t\t\t<div class=\"elementor-element elementor-element-0e09455 elementor-widget elementor-widget-text-editor\" data-id=\"0e09455\" data-element_type=\"widget\" data-widget_type=\"text-editor.default\">\n\t\t\t\t<div class=\"elementor-widget-container\">\n\t\t\t\t\t\t\t\t\t<h2>Felt is a non-woven fabric obtained directly from carded or combed sheep's wool. The fibres have the particularity of intermingling under the action of humidity, heat and movement, forming a material, wool felt.<\/h2>\t\t\t\t\t\t\t\t<\/div>\n\t\t\t\t<\/div>\n\t\t\t\t<div class=\"elementor-element elementor-element-6957a0f elementor-widget elementor-widget-heading\" data-id=\"6957a0f\" data-element_type=\"widget\" data-widget_type=\"heading.default\">\n\t\t\t\t<div class=\"elementor-widget-container\">\n\t\t\t\t\t<h3 class=\"elementor-heading-title elementor-size-medium\">Wool felt<\/h3>\t\t\t\t<\/div>\n\t\t\t\t<\/div>\n\t\t\t\t<div class=\"elementor-element elementor-element-78838f5 elementor-widget elementor-widget-text-editor\" data-id=\"78838f5\" data-element_type=\"widget\" data-widget_type=\"text-editor.default\">\n\t\t\t\t<div class=\"elementor-widget-container\">\n\t\t\t\t\t\t\t\t\t<p>Felt has thermo- and hydro-regulating properties that are not matched by any other natural or synthetic fibre.\u00a0It is an excellent thermal and acoustic insulator, anti-static, anti-allergic, humidity regulator and pollutant absorber.<\/p>\t\t\t\t\t\t\t\t<\/div>\n\t\t\t\t<\/div>\n\t\t\t\t<div class=\"elementor-element elementor-element-862b45b elementor-widget elementor-widget-text-editor\" data-id=\"862b45b\" data-element_type=\"widget\" data-widget_type=\"text-editor.default\">\n\t\t\t\t<div class=\"elementor-widget-container\">\n\t\t\t\t\t\t\t\t\t<h4>Our know-how<\/h4>\t\t\t\t\t\t\t\t<\/div>\n\t\t\t\t<\/div>\n\t\t\t\t<div class=\"elementor-element elementor-element-71eab82 elementor-widget elementor-widget-text-editor\" data-id=\"71eab82\" data-element_type=\"widget\" data-widget_type=\"text-editor.default\">\n\t\t\t\t<div class=\"elementor-widget-container\">\n\t\t\t\t\t\t\t\t\t<p><em>It all started with our undying passion for knitting and the more recent discovery of felt. <br \/>Our felting technique is traditional (wet felt in hot soapy water). However, our felting is specific because it fuses with the knitting to give relief and texture to the surface. The knitted fabric and the different layers of fibres (combed or carded) are felted in the same gesture, i.e. together and at the same time, in a long felting process.\u00a0<\/em><\/p>\t\t\t\t\t\t\t\t<\/div>\n\t\t\t\t<\/div>\n\t\t\t\t\t<\/div>\n\t\t<\/div>\n\t\t\t\t<div class=\"elementor-column elementor-col-50 elementor-top-column elementor-element elementor-element-fed165b\" data-id=\"fed165b\" data-element_type=\"column\">\n\t\t\t<div class=\"elementor-widget-wrap elementor-element-populated\">\n\t\t\t\t\t\t<div class=\"elementor-element elementor-element-38da69d elementor-widget elementor-widget-image\" data-id=\"38da69d\" data-element_type=\"widget\" data-widget_type=\"image.default\">\n\t\t\t\t<div class=\"elementor-widget-container\">\n\t\t\t\t\t\t\t\t\t\t\t\t\t\t\t<img fetchpriority=\"high\" decoding=\"async\" width=\"790\" height=\"790\" src=\"https:\/\/www.ghislainegarcin.fr\/wp-content\/uploads\/2022\/03\/PanierBleuOutremerMatie\u0300re-1024x1024.jpg\" class=\"attachment-large size-large wp-image-3277\" alt=\"Panier bleu en laine feutr\u00e9e, atelier \u00e0 Marseille\" srcset=\"https:\/\/www.ghislainegarcin.fr\/wp-content\/uploads\/2022\/03\/PanierBleuOutremerMatie\u0300re-1024x1024.jpg 1024w, https:\/\/www.ghislainegarcin.fr\/wp-content\/uploads\/2022\/03\/PanierBleuOutremerMatie\u0300re-300x300.jpg 300w, https:\/\/www.ghislainegarcin.fr\/wp-content\/uploads\/2022\/03\/PanierBleuOutremerMatie\u0300re-150x150.jpg 150w, https:\/\/www.ghislainegarcin.fr\/wp-content\/uploads\/2022\/03\/PanierBleuOutremerMatie\u0300re-768x768.jpg 768w, https:\/\/www.ghislainegarcin.fr\/wp-content\/uploads\/2022\/03\/PanierBleuOutremerMatie\u0300re-12x12.jpg 12w, https:\/\/www.ghislainegarcin.fr\/wp-content\/uploads\/2022\/03\/PanierBleuOutremerMatie\u0300re-60x60.jpg 60w, https:\/\/www.ghislainegarcin.fr\/wp-content\/uploads\/2022\/03\/PanierBleuOutremerMatie\u0300re-1000x1000.jpg 1000w, https:\/\/www.ghislainegarcin.fr\/wp-content\/uploads\/2022\/03\/PanierBleuOutremerMatie\u0300re.jpg 1300w\" sizes=\"(max-width: 790px) 100vw, 790px\" \/>\t\t\t\t\t\t\t\t\t\t\t\t\t\t\t<\/div>\n\t\t\t\t<\/div>\n\t\t\t\t\t<\/div>\n\t\t<\/div>\n\t\t\t\t\t<\/div>\n\t\t<\/section>\n\t\t\t\t<section class=\"elementor-section elementor-top-section elementor-element elementor-element-2a8f877 elementor-section-stretched elementor-reverse-mobile elementor-section-boxed elementor-section-height-default elementor-section-height-default\" data-id=\"2a8f877\" data-element_type=\"section\" data-settings=\"{&quot;stretch_section&quot;:&quot;section-stretched&quot;}\">\n\t\t\t\t\t\t<div class=\"elementor-container elementor-column-gap-default\">\n\t\t\t\t\t<div class=\"elementor-column elementor-col-50 elementor-top-column elementor-element elementor-element-9bbd926\" data-id=\"9bbd926\" data-element_type=\"column\">\n\t\t\t<div class=\"elementor-widget-wrap elementor-element-populated\">\n\t\t\t\t\t\t<div class=\"elementor-element elementor-element-ec016a2 elementor-widget elementor-widget-image\" data-id=\"ec016a2\" data-element_type=\"widget\" data-widget_type=\"image.default\">\n\t\t\t\t<div class=\"elementor-widget-container\">\n\t\t\t\t\t\t\t\t\t\t\t\t\t\t\t<img decoding=\"async\" width=\"790\" height=\"790\" src=\"https:\/\/www.ghislainegarcin.fr\/wp-content\/uploads\/2022\/02\/laine-teinture-vegetale-0078-1024x1024.jpg\" class=\"attachment-large size-large wp-image-1690\" alt=\"fil M\u00e9rinos teinture v\u00e9g\u00e9tale\" srcset=\"https:\/\/www.ghislainegarcin.fr\/wp-content\/uploads\/2022\/02\/laine-teinture-vegetale-0078-1024x1024.jpg 1024w, https:\/\/www.ghislainegarcin.fr\/wp-content\/uploads\/2022\/02\/laine-teinture-vegetale-0078-300x300.jpg 300w, https:\/\/www.ghislainegarcin.fr\/wp-content\/uploads\/2022\/02\/laine-teinture-vegetale-0078-150x150.jpg 150w, https:\/\/www.ghislainegarcin.fr\/wp-content\/uploads\/2022\/02\/laine-teinture-vegetale-0078-768x768.jpg 768w, https:\/\/www.ghislainegarcin.fr\/wp-content\/uploads\/2022\/02\/laine-teinture-vegetale-0078-60x60.jpg 60w, https:\/\/www.ghislainegarcin.fr\/wp-content\/uploads\/2022\/02\/laine-teinture-vegetale-0078-1000x1000.jpg 1000w, https:\/\/www.ghislainegarcin.fr\/wp-content\/uploads\/2022\/02\/laine-teinture-vegetale-0078.jpg 1300w\" sizes=\"(max-width: 790px) 100vw, 790px\" \/>\t\t\t\t\t\t\t\t\t\t\t\t\t\t\t<\/div>\n\t\t\t\t<\/div>\n\t\t\t\t\t<\/div>\n\t\t<\/div>\n\t\t\t\t<div class=\"elementor-column elementor-col-50 elementor-top-column elementor-element elementor-element-10d7894\" data-id=\"10d7894\" data-element_type=\"column\">\n\t\t\t<div class=\"elementor-widget-wrap elementor-element-populated\">\n\t\t\t\t\t\t<div class=\"elementor-element elementor-element-882779c elementor-widget elementor-widget-heading\" data-id=\"882779c\" data-element_type=\"widget\" data-widget_type=\"heading.default\">\n\t\t\t\t<div class=\"elementor-widget-container\">\n\t\t\t\t\t<h3 class=\"elementor-heading-title elementor-size-medium\">Haut en couleur <\/h3>\t\t\t\t<\/div>\n\t\t\t\t<\/div>\n\t\t\t\t<div class=\"elementor-element elementor-element-7fbb1ed elementor-widget elementor-widget-text-editor\" data-id=\"7fbb1ed\" data-element_type=\"widget\" data-widget_type=\"text-editor.default\">\n\t\t\t\t<div class=\"elementor-widget-container\">\n\t\t\t\t\t\t\t\t\t<p><span style=\"color: #000000;\">The switch to artisanal dyeing, carried out in a small French workshop, is a new step in our eco-responsible journey.<\/span><br \/><span style=\"color: #000000;\">Offering a collection entirely based on dye plants is part of a search for more virtue but also more beauty because the natural colors have a depth that sublimates the raw material.<\/span><\/p>\t\t\t\t\t\t\t\t<\/div>\n\t\t\t\t<\/div>\n\t\t\t\t<div class=\"elementor-element elementor-element-2f70aa6 elementor-widget elementor-widget-text-editor\" data-id=\"2f70aa6\" data-element_type=\"widget\" data-widget_type=\"text-editor.default\">\n\t\t\t\t<div class=\"elementor-widget-container\">\n\t\t\t\t\t\t\t\t\t<h4>Natural dyeing<\/h4>\t\t\t\t\t\t\t\t<\/div>\n\t\t\t\t<\/div>\n\t\t\t\t<div class=\"elementor-element elementor-element-5294aa8 elementor-widget elementor-widget-text-editor\" data-id=\"5294aa8\" data-element_type=\"widget\" data-widget_type=\"text-editor.default\">\n\t\t\t\t<div class=\"elementor-widget-container\">\n\t\t\t\t\t\t\t\t\t<p><em>is ideal for colouring textiles of natural origin and in particular wool, of animal origin with a high protein content, whose fibres take the colour particularly well.<br \/>We use Merinos d'Arles spun in Creuse, which we entrust to our dyer in Lauris, Luberon (France).<br \/><\/em><a href=\"https:\/\/www.instagram.com\/lola.verstrepen\/\" target=\"_blank\" rel=\"noopener\"><span style=\"color: #953333;\"><strong>The dyer workshop<\/strong><\/span><\/a><\/p>\t\t\t\t\t\t\t\t<\/div>\n\t\t\t\t<\/div>\n\t\t\t\t\t<\/div>\n\t\t<\/div>\n\t\t\t\t\t<\/div>\n\t\t<\/section>\n\t\t\t\t<section class=\"elementor-section elementor-top-section elementor-element elementor-element-4130c4b elementor-section-stretched elementor-section-boxed elementor-section-height-default elementor-section-height-default\" data-id=\"4130c4b\" data-element_type=\"section\" data-settings=\"{&quot;stretch_section&quot;:&quot;section-stretched&quot;}\">\n\t\t\t\t\t\t<div class=\"elementor-container elementor-column-gap-default\">\n\t\t\t\t\t<div class=\"elementor-column elementor-col-50 elementor-top-column elementor-element elementor-element-395c2c8\" data-id=\"395c2c8\" data-element_type=\"column\">\n\t\t\t<div class=\"elementor-widget-wrap elementor-element-populated\">\n\t\t\t\t\t\t<div class=\"elementor-element elementor-element-9dd8d85 elementor-widget elementor-widget-heading\" data-id=\"9dd8d85\" data-element_type=\"widget\" data-widget_type=\"heading.default\">\n\t\t\t\t<div class=\"elementor-widget-container\">\n\t\t\t\t\t<h3 class=\"elementor-heading-title elementor-size-medium\">You like wool ?<\/h3>\t\t\t\t<\/div>\n\t\t\t\t<\/div>\n\t\t\t\t<div class=\"elementor-element elementor-element-cc8dc51 elementor-widget elementor-widget-text-editor\" data-id=\"cc8dc51\" data-element_type=\"widget\" data-widget_type=\"text-editor.default\">\n\t\t\t\t<div class=\"elementor-widget-container\">\n\t\t\t\t\t\t\t\t\t<p><span style=\"color: #000000;\">And you're quite right... <br \/>More and more research shows the direct influence of our homes, not only on our mood, but also on our overall health and well-being. When it comes to interior design, the trend is to create a sense of intimacy and comfort.\u00a0<br \/>Noble, comfortable and healthy, wool is perfectly in tune with this trend, but it is still not sufficiently valued. Yet it protects our homes and our environment through its natural properties and its durability. We would like to help you discover the unbeatable qualities of this precious resource.<\/span><\/p>\t\t\t\t\t\t\t\t<\/div>\n\t\t\t\t<\/div>\n\t\t\t\t<div class=\"elementor-element elementor-element-ae6f504 elementor-widget elementor-widget-text-editor\" data-id=\"ae6f504\" data-element_type=\"widget\" data-widget_type=\"text-editor.default\">\n\t\t\t\t<div class=\"elementor-widget-container\">\n\t\t\t\t\t\t\t\t\t<h4>The natural properties of wool<\/h4>\t\t\t\t\t\t\t\t<\/div>\n\t\t\t\t<\/div>\n\t\t\t\t<div class=\"elementor-element elementor-element-d123fbb elementor-widget elementor-widget-text-editor\" data-id=\"d123fbb\" data-element_type=\"widget\" data-widget_type=\"text-editor.default\">\n\t\t\t\t<div class=\"elementor-widget-container\">\n\t\t\t\t\t\t\t\t\t<p><em>Supple, light, elastic and strong, the fibre has a high tensile strength.<\/em><br \/><em>Wool regulates humidity by absorbing up to 30% of its weight in water without appearing wet and promotes air circulation. <\/em><br \/><em>It is relatively fireproof compared with other fabrics (560\u00b0), gives off very little toxic gas when burning, extinguishes itself quickly and does not stick.<\/em><br \/><em>It protects from heat and cold, and insulates from noise.<\/em><br \/><em>Wool is a renewable raw-material and its production consumes little energy. It is 100% biodegradable, and fertilises the soil when composted.<\/em><br \/><span style=\"color: #a33a25;\"><strong><a style=\"color: #a33a25;\" href=\"https:\/\/www.lainamac.fr\/wp-content\/uploads\/2017\/08\/plaquette_performance_laine_V2.pdf\" target=\"_blank\" rel=\"noopener\">Learn more about wool (in French)\u00a0<\/a><\/strong><\/span><\/p>\t\t\t\t\t\t\t\t<\/div>\n\t\t\t\t<\/div>\n\t\t\t\t\t<\/div>\n\t\t<\/div>\n\t\t\t\t<div class=\"elementor-column elementor-col-50 elementor-top-column elementor-element elementor-element-7bc8c60\" data-id=\"7bc8c60\" data-element_type=\"column\">\n\t\t\t<div class=\"elementor-widget-wrap elementor-element-populated\">\n\t\t\t\t\t\t<div class=\"elementor-element elementor-element-a81daea elementor-widget elementor-widget-image\" data-id=\"a81daea\" data-element_type=\"widget\" data-widget_type=\"image.default\">\n\t\t\t\t<div class=\"elementor-widget-container\">\n\t\t\t\t\t\t\t\t\t\t\t\t\t\t\t<img decoding=\"async\" width=\"790\" height=\"790\" src=\"https:\/\/www.ghislainegarcin.fr\/wp-content\/uploads\/2022\/03\/Balanc\u0327oire-laine-feutre\u0301e-4873c-1024x1024.jpg\" class=\"attachment-large size-large wp-image-3279\" alt=\"Balanc\u0327oire laine feutre\u0301e, Marseille\" srcset=\"https:\/\/www.ghislainegarcin.fr\/wp-content\/uploads\/2022\/03\/Balanc\u0327oire-laine-feutre\u0301e-4873c-1024x1024.jpg 1024w, https:\/\/www.ghislainegarcin.fr\/wp-content\/uploads\/2022\/03\/Balanc\u0327oire-laine-feutre\u0301e-4873c-300x300.jpg 300w, https:\/\/www.ghislainegarcin.fr\/wp-content\/uploads\/2022\/03\/Balanc\u0327oire-laine-feutre\u0301e-4873c-150x150.jpg 150w, https:\/\/www.ghislainegarcin.fr\/wp-content\/uploads\/2022\/03\/Balanc\u0327oire-laine-feutre\u0301e-4873c-768x768.jpg 768w, https:\/\/www.ghislainegarcin.fr\/wp-content\/uploads\/2022\/03\/Balanc\u0327oire-laine-feutre\u0301e-4873c-12x12.jpg 12w, https:\/\/www.ghislainegarcin.fr\/wp-content\/uploads\/2022\/03\/Balanc\u0327oire-laine-feutre\u0301e-4873c-60x60.jpg 60w, https:\/\/www.ghislainegarcin.fr\/wp-content\/uploads\/2022\/03\/Balanc\u0327oire-laine-feutre\u0301e-4873c-1000x1000.jpg 1000w, https:\/\/www.ghislainegarcin.fr\/wp-content\/uploads\/2022\/03\/Balanc\u0327oire-laine-feutre\u0301e-4873c.jpg 1120w\" sizes=\"(max-width: 790px) 100vw, 790px\" \/>\t\t\t\t\t\t\t\t\t\t\t\t\t\t\t<\/div>\n\t\t\t\t<\/div>\n\t\t\t\t\t<\/div>\n\t\t<\/div>\n\t\t\t\t\t<\/div>\n\t\t<\/section>\n\t\t\t\t<section class=\"elementor-section elementor-top-section elementor-element elementor-element-43a0988 elementor-section-stretched elementor-section-boxed elementor-section-height-default elementor-section-height-default\" data-id=\"43a0988\" data-element_type=\"section\" data-settings=\"{&quot;stretch_section&quot;:&quot;section-stretched&quot;,&quot;background_background&quot;:&quot;classic&quot;}\">\n\t\t\t\t\t\t<div class=\"elementor-container elementor-column-gap-default\">\n\t\t\t\t\t<div class=\"elementor-column elementor-col-100 elementor-top-column elementor-element elementor-element-d672840\" data-id=\"d672840\" data-element_type=\"column\" data-settings=\"{&quot;background_background&quot;:&quot;classic&quot;}\">\n\t\t\t<div class=\"elementor-widget-wrap elementor-element-populated\">\n\t\t\t\t\t\t<div class=\"elementor-element elementor-element-437013a elementor-widget elementor-widget-text-editor\" data-id=\"437013a\" data-element_type=\"widget\" data-widget_type=\"text-editor.default\">\n\t\t\t\t<div class=\"elementor-widget-container\">\n\t\t\t\t\t\t\t\t\t<p style=\"text-align: center;\">You have questions about the manufacture of our items, the materials, <br \/>the maintenance of the felt,...? Let's go <span style=\"color: #a33a25;\"><span style=\"color: #825e24;\"><a style=\"color: #825e24;\" href=\"https:\/\/www.ghislainegarcin.fr\/en\/les-questions-que-vous-vous-posez\/\" target=\"_blank\" rel=\"noopener\"><strong>Click here<\/strong><\/a><\/span><\/span><\/p>\t\t\t\t\t\t\t\t<\/div>\n\t\t\t\t<\/div>\n\t\t\t\t\t<\/div>\n\t\t<\/div>\n\t\t\t\t\t<\/div>\n\t\t<\/section>\n\t\t\t\t<section class=\"elementor-section elementor-top-section elementor-element elementor-element-1cf6f9f elementor-section-stretched elementor-section-boxed elementor-section-height-default elementor-section-height-default\" data-id=\"1cf6f9f\" data-element_type=\"section\" data-settings=\"{&quot;stretch_section&quot;:&quot;section-stretched&quot;,&quot;background_background&quot;:&quot;classic&quot;}\">\n\t\t\t\t\t\t<div class=\"elementor-container elementor-column-gap-default\">\n\t\t\t\t\t<div class=\"elementor-column elementor-col-100 elementor-top-column elementor-element elementor-element-56ed905\" data-id=\"56ed905\" data-element_type=\"column\">\n\t\t\t<div class=\"elementor-widget-wrap elementor-element-populated\">\n\t\t\t\t\t\t<div class=\"elementor-element elementor-element-bd1b19e elementor-widget elementor-widget-text-editor\" data-id=\"bd1b19e\" data-element_type=\"widget\" data-widget_type=\"text-editor.default\">\n\t\t\t\t<div class=\"elementor-widget-container\">\n\t\t\t\t\t\t\t\t\t<p><strong>| Follow us on <span style=\"color: #a33a25;\">social networks<\/span>\u00a0| Find our products on <span style=\"color: #a33a25;\"><a style=\"color: #a33a25;\" href=\"https:\/\/www.ghislainegarcin.fr\/en\/boutique\/\" target=\"_blank\" rel=\"noopener\">the online shop<\/a><\/span>\u00a0|<\/strong><\/p>\t\t\t\t\t\t\t\t<\/div>\n\t\t\t\t<\/div>\n\t\t\t\t<div class=\"elementor-element elementor-element-d515987 elementor-shape-rounded elementor-grid-0 e-grid-align-center elementor-widget elementor-widget-social-icons\" data-id=\"d515987\" data-element_type=\"widget\" data-widget_type=\"social-icons.default\">\n\t\t\t\t<div class=\"elementor-widget-container\">\n\t\t\t\t\t\t\t<div class=\"elementor-social-icons-wrapper elementor-grid\">\n\t\t\t\t\t\t\t<span class=\"elementor-grid-item\">\n\t\t\t\t\t<a class=\"elementor-icon elementor-social-icon elementor-social-icon-instagram elementor-repeater-item-d2fbee0\" href=\"https:\/\/www.instagram.com\/ghislainegarcin\/\" target=\"_blank\">\n\t\t\t\t\t\t<span class=\"elementor-screen-only\">Instagram<\/span>\n\t\t\t\t\t\t<i class=\"fab fa-instagram\"><\/i>\t\t\t\t\t<\/a>\n\t\t\t\t<\/span>\n\t\t\t\t\t\t\t<span class=\"elementor-grid-item\">\n\t\t\t\t\t<a class=\"elementor-icon elementor-social-icon elementor-social-icon-facebook elementor-repeater-item-68d3436\" href=\"https:\/\/www.facebook.com\/ghislainegarcin.creationstextiles\/\" target=\"_blank\">\n\t\t\t\t\t\t<span class=\"elementor-screen-only\">Facebook<\/span>\n\t\t\t\t\t\t<i class=\"fab fa-facebook\"><\/i>\t\t\t\t\t<\/a>\n\t\t\t\t<\/span>\n\t\t\t\t\t\t\t<span class=\"elementor-grid-item\">\n\t\t\t\t\t<a class=\"elementor-icon elementor-social-icon elementor-social-icon-linkedin elementor-repeater-item-6555685\" href=\"https:\/\/www.linkedin.com\/in\/ghislainegarcin\/\" target=\"_blank\">\n\t\t\t\t\t\t<span class=\"elementor-screen-only\">Linkedin<\/span>\n\t\t\t\t\t\t<i class=\"fab fa-linkedin\"><\/i>\t\t\t\t\t<\/a>\n\t\t\t\t<\/span>\n\t\t\t\t\t\t\t<span class=\"elementor-grid-item\">\n\t\t\t\t\t<a class=\"elementor-icon elementor-social-icon elementor-social-icon-pinterest elementor-repeater-item-97e7ed7\" href=\"https:\/\/www.pinterest.fr\/ghislainegarcin\/\" target=\"_blank\">\n\t\t\t\t\t\t<span class=\"elementor-screen-only\">Pinterest<\/span>\n\t\t\t\t\t\t<i class=\"fab fa-pinterest\"><\/i>\t\t\t\t\t<\/a>\n\t\t\t\t<\/span>\n\t\t\t\t\t<\/div>\n\t\t\t\t\t\t<\/div>\n\t\t\t\t<\/div>\n\t\t\t\t\t<\/div>\n\t\t<\/div>\n\t\t\t\t\t<\/div>\n\t\t<\/section>\n\t\t\t\t<\/div>","protected":false},"excerpt":{"rendered":"<p>https:\/\/www.ghislainegarcin.fr\/wp-content\/uploads\/2020\/02\/LMF5ghis480.mov#t=1 Video extraite de l&rsquo;\u00e9mission La Maison France 5, tourn\u00e9e \u00e0 Marseille et diffus\u00e9e le 31 janvier 2020. Interview St\u00e9phane Thebaut. Le feutre de laine, un savoir-faire m\u00e9connu le feutre de laine, un savoir faire m\u00e9connu Le feutre est un tissu non tiss\u00e9 obtenu directement \u00e0 partir de laine de mouton, card\u00e9e ou peign\u00e9e. Les &hellip; <\/p>","protected":false},"author":1,"featured_media":0,"parent":0,"menu_order":6,"comment_status":"closed","ping_status":"closed","template":"","meta":{"footnotes":""},"yoast_head":"<!-- This site is optimized with the Yoast SEO plugin v23.5 - https:\/\/yoast.com\/wordpress\/plugins\/seo\/ -->\n<title>Atelier de cr\u00e9ation de tapis en feutre fait-main Ghislaine Garcin<\/title>\n<meta name=\"description\" content=\"L&#039;atelier maille &amp; feutre de Ghislaine Garcin est d\u00e9di\u00e9 \u00e0 la cr\u00e9ation de tapis en feutre de laine. Eclairage sur ce savoir-faire m\u00e9connu.\" \/>\n<meta name=\"robots\" content=\"index, follow, max-snippet:-1, max-image-preview:large, max-video-preview:-1\" \/>\n<link rel=\"canonical\" href=\"https:\/\/www.ghislainegarcin.fr\/en\/atelier-creation-de-tapis-en-feutre-de-laine\/\" \/>\n<meta property=\"og:locale\" content=\"en_GB\" \/>\n<meta property=\"og:type\" content=\"article\" \/>\n<meta property=\"og:title\" content=\"Atelier de cr\u00e9ation de tapis en feutre fait-main Ghislaine Garcin\" \/>\n<meta property=\"og:description\" content=\"L&#039;atelier maille &amp; feutre de Ghislaine Garcin est d\u00e9di\u00e9 \u00e0 la cr\u00e9ation de tapis en feutre de laine. Eclairage sur ce savoir-faire m\u00e9connu.\" \/>\n<meta property=\"og:url\" content=\"https:\/\/www.ghislainegarcin.fr\/en\/atelier-creation-de-tapis-en-feutre-de-laine\/\" \/>\n<meta property=\"og:site_name\" content=\"Ghislaine Garcin\" \/>\n<meta property=\"article:publisher\" content=\"https:\/\/www.facebook.com\/ghislainegarcin.creationstextiles\/\" \/>\n<meta property=\"article:modified_time\" content=\"2025-10-08T14:34:39+00:00\" \/>\n<meta property=\"og:image\" content=\"https:\/\/www.ghislainegarcin.fr\/wp-content\/uploads\/2022\/02\/laine-teinture-vegetale-0078-1024x1024.jpg\" \/>\n<meta name=\"twitter:card\" content=\"summary_large_image\" \/>\n<meta name=\"twitter:label1\" content=\"Estimated reading time\" \/>\n\t<meta name=\"twitter:data1\" content=\"4 minutes\" \/>\n<script type=\"application\/ld+json\" class=\"yoast-schema-graph\">{\"@context\":\"https:\/\/schema.org\",\"@graph\":[{\"@type\":\"WebPage\",\"@id\":\"https:\/\/www.ghislainegarcin.fr\/atelier-creation-de-tapis-en-feutre-de-laine\/\",\"url\":\"https:\/\/www.ghislainegarcin.fr\/atelier-creation-de-tapis-en-feutre-de-laine\/\",\"name\":\"Atelier de cr\u00e9ation de tapis en feutre fait-main Ghislaine Garcin\",\"isPartOf\":{\"@id\":\"https:\/\/www.ghislainegarcin.fr\/#website\"},\"primaryImageOfPage\":{\"@id\":\"https:\/\/www.ghislainegarcin.fr\/atelier-creation-de-tapis-en-feutre-de-laine\/#primaryimage\"},\"image\":{\"@id\":\"https:\/\/www.ghislainegarcin.fr\/atelier-creation-de-tapis-en-feutre-de-laine\/#primaryimage\"},\"thumbnailUrl\":\"https:\/\/www.ghislainegarcin.fr\/wp-content\/uploads\/2022\/02\/laine-teinture-vegetale-0078-1024x1024.jpg\",\"datePublished\":\"2022-02-08T16:17:01+00:00\",\"dateModified\":\"2025-10-08T14:34:39+00:00\",\"description\":\"L'atelier maille & feutre de Ghislaine Garcin est d\u00e9di\u00e9 \u00e0 la cr\u00e9ation de tapis en feutre de laine. Eclairage sur ce savoir-faire m\u00e9connu.\",\"breadcrumb\":{\"@id\":\"https:\/\/www.ghislainegarcin.fr\/atelier-creation-de-tapis-en-feutre-de-laine\/#breadcrumb\"},\"inLanguage\":\"en-GB\",\"potentialAction\":[{\"@type\":\"ReadAction\",\"target\":[\"https:\/\/www.ghislainegarcin.fr\/atelier-creation-de-tapis-en-feutre-de-laine\/\"]}]},{\"@type\":\"ImageObject\",\"inLanguage\":\"en-GB\",\"@id\":\"https:\/\/www.ghislainegarcin.fr\/atelier-creation-de-tapis-en-feutre-de-laine\/#primaryimage\",\"url\":\"https:\/\/www.ghislainegarcin.fr\/wp-content\/uploads\/2022\/02\/laine-teinture-vegetale-0078-1024x1024.jpg\",\"contentUrl\":\"https:\/\/www.ghislainegarcin.fr\/wp-content\/uploads\/2022\/02\/laine-teinture-vegetale-0078-1024x1024.jpg\"},{\"@type\":\"BreadcrumbList\",\"@id\":\"https:\/\/www.ghislainegarcin.fr\/atelier-creation-de-tapis-en-feutre-de-laine\/#breadcrumb\",\"itemListElement\":[{\"@type\":\"ListItem\",\"position\":1,\"name\":\"Accueil\",\"item\":\"https:\/\/www.ghislainegarcin.fr\/\"},{\"@type\":\"ListItem\",\"position\":2,\"name\":\"atelier\"}]},{\"@type\":\"WebSite\",\"@id\":\"https:\/\/www.ghislainegarcin.fr\/#website\",\"url\":\"https:\/\/www.ghislainegarcin.fr\/\",\"name\":\"Ghislaine Garcin\",\"description\":\"feutre art textile\",\"publisher\":{\"@id\":\"https:\/\/www.ghislainegarcin.fr\/#organization\"},\"potentialAction\":[{\"@type\":\"SearchAction\",\"target\":{\"@type\":\"EntryPoint\",\"urlTemplate\":\"https:\/\/www.ghislainegarcin.fr\/?s={search_term_string}\"},\"query-input\":{\"@type\":\"PropertyValueSpecification\",\"valueRequired\":true,\"valueName\":\"search_term_string\"}}],\"inLanguage\":\"en-GB\"},{\"@type\":\"Organization\",\"@id\":\"https:\/\/www.ghislainegarcin.fr\/#organization\",\"name\":\"Ghislaine Garcin\",\"url\":\"https:\/\/www.ghislainegarcin.fr\/\",\"logo\":{\"@type\":\"ImageObject\",\"inLanguage\":\"en-GB\",\"@id\":\"https:\/\/www.ghislainegarcin.fr\/#\/schema\/logo\/image\/\",\"url\":\"https:\/\/www.ghislainegarcin.fr\/wp-content\/uploads\/2025\/10\/cropped-newlogofeutrearttextileBD.jpg\",\"contentUrl\":\"https:\/\/www.ghislainegarcin.fr\/wp-content\/uploads\/2025\/10\/cropped-newlogofeutrearttextileBD.jpg\",\"width\":384,\"height\":108,\"caption\":\"Ghislaine Garcin\"},\"image\":{\"@id\":\"https:\/\/www.ghislainegarcin.fr\/#\/schema\/logo\/image\/\"},\"sameAs\":[\"https:\/\/www.facebook.com\/ghislainegarcin.creationstextiles\/\",\"https:\/\/www.instagram.com\/ghislainegarcin\/\",\"https:\/\/www.linkedin.com\/in\/ghislainegarcin\/\"]}]}<\/script>\n<!-- \/ Yoast SEO plugin. -->","yoast_head_json":{"title":"Atelier de cr\u00e9ation de tapis en feutre fait-main Ghislaine Garcin","description":"L'atelier maille & feutre de Ghislaine Garcin est d\u00e9di\u00e9 \u00e0 la cr\u00e9ation de tapis en feutre de laine. Eclairage sur ce savoir-faire m\u00e9connu.","robots":{"index":"index","follow":"follow","max-snippet":"max-snippet:-1","max-image-preview":"max-image-preview:large","max-video-preview":"max-video-preview:-1"},"canonical":"https:\/\/www.ghislainegarcin.fr\/en\/atelier-creation-de-tapis-en-feutre-de-laine\/","og_locale":"en_GB","og_type":"article","og_title":"Atelier de cr\u00e9ation de tapis en feutre fait-main Ghislaine Garcin","og_description":"L'atelier maille & feutre de Ghislaine Garcin est d\u00e9di\u00e9 \u00e0 la cr\u00e9ation de tapis en feutre de laine. Eclairage sur ce savoir-faire m\u00e9connu.","og_url":"https:\/\/www.ghislainegarcin.fr\/en\/atelier-creation-de-tapis-en-feutre-de-laine\/","og_site_name":"Ghislaine Garcin","article_publisher":"https:\/\/www.facebook.com\/ghislainegarcin.creationstextiles\/","article_modified_time":"2025-10-08T14:34:39+00:00","og_image":[{"url":"https:\/\/www.ghislainegarcin.fr\/wp-content\/uploads\/2022\/02\/laine-teinture-vegetale-0078-1024x1024.jpg"}],"twitter_card":"summary_large_image","twitter_misc":{"Estimated reading time":"4 minutes"},"schema":{"@context":"https:\/\/schema.org","@graph":[{"@type":"WebPage","@id":"https:\/\/www.ghislainegarcin.fr\/atelier-creation-de-tapis-en-feutre-de-laine\/","url":"https:\/\/www.ghislainegarcin.fr\/atelier-creation-de-tapis-en-feutre-de-laine\/","name":"Atelier de cr\u00e9ation de tapis en feutre fait-main Ghislaine Garcin","isPartOf":{"@id":"https:\/\/www.ghislainegarcin.fr\/#website"},"primaryImageOfPage":{"@id":"https:\/\/www.ghislainegarcin.fr\/atelier-creation-de-tapis-en-feutre-de-laine\/#primaryimage"},"image":{"@id":"https:\/\/www.ghislainegarcin.fr\/atelier-creation-de-tapis-en-feutre-de-laine\/#primaryimage"},"thumbnailUrl":"https:\/\/www.ghislainegarcin.fr\/wp-content\/uploads\/2022\/02\/laine-teinture-vegetale-0078-1024x1024.jpg","datePublished":"2022-02-08T16:17:01+00:00","dateModified":"2025-10-08T14:34:39+00:00","description":"L'atelier maille & feutre de Ghislaine Garcin est d\u00e9di\u00e9 \u00e0 la cr\u00e9ation de tapis en feutre de laine. Eclairage sur ce savoir-faire m\u00e9connu.","breadcrumb":{"@id":"https:\/\/www.ghislainegarcin.fr\/atelier-creation-de-tapis-en-feutre-de-laine\/#breadcrumb"},"inLanguage":"en-GB","potentialAction":[{"@type":"ReadAction","target":["https:\/\/www.ghislainegarcin.fr\/atelier-creation-de-tapis-en-feutre-de-laine\/"]}]},{"@type":"ImageObject","inLanguage":"en-GB","@id":"https:\/\/www.ghislainegarcin.fr\/atelier-creation-de-tapis-en-feutre-de-laine\/#primaryimage","url":"https:\/\/www.ghislainegarcin.fr\/wp-content\/uploads\/2022\/02\/laine-teinture-vegetale-0078-1024x1024.jpg","contentUrl":"https:\/\/www.ghislainegarcin.fr\/wp-content\/uploads\/2022\/02\/laine-teinture-vegetale-0078-1024x1024.jpg"},{"@type":"BreadcrumbList","@id":"https:\/\/www.ghislainegarcin.fr\/atelier-creation-de-tapis-en-feutre-de-laine\/#breadcrumb","itemListElement":[{"@type":"ListItem","position":1,"name":"Accueil","item":"https:\/\/www.ghislainegarcin.fr\/"},{"@type":"ListItem","position":2,"name":"atelier"}]},{"@type":"WebSite","@id":"https:\/\/www.ghislainegarcin.fr\/#website","url":"https:\/\/www.ghislainegarcin.fr\/","name":"Ghislaine Garcin","description":"feutre art textile","publisher":{"@id":"https:\/\/www.ghislainegarcin.fr\/#organization"},"potentialAction":[{"@type":"SearchAction","target":{"@type":"EntryPoint","urlTemplate":"https:\/\/www.ghislainegarcin.fr\/?s={search_term_string}"},"query-input":{"@type":"PropertyValueSpecification","valueRequired":true,"valueName":"search_term_string"}}],"inLanguage":"en-GB"},{"@type":"Organization","@id":"https:\/\/www.ghislainegarcin.fr\/#organization","name":"Ghislaine Garcin","url":"https:\/\/www.ghislainegarcin.fr\/","logo":{"@type":"ImageObject","inLanguage":"en-GB","@id":"https:\/\/www.ghislainegarcin.fr\/#\/schema\/logo\/image\/","url":"https:\/\/www.ghislainegarcin.fr\/wp-content\/uploads\/2025\/10\/cropped-newlogofeutrearttextileBD.jpg","contentUrl":"https:\/\/www.ghislainegarcin.fr\/wp-content\/uploads\/2025\/10\/cropped-newlogofeutrearttextileBD.jpg","width":384,"height":108,"caption":"Ghislaine Garcin"},"image":{"@id":"https:\/\/www.ghislainegarcin.fr\/#\/schema\/logo\/image\/"},"sameAs":["https:\/\/www.facebook.com\/ghislainegarcin.creationstextiles\/","https:\/\/www.instagram.com\/ghislainegarcin\/","https:\/\/www.linkedin.com\/in\/ghislainegarcin\/"]}]}},"_links":{"self":[{"href":"https:\/\/www.ghislainegarcin.fr\/en\/wp-json\/wp\/v2\/pages\/1597"}],"collection":[{"href":"https:\/\/www.ghislainegarcin.fr\/en\/wp-json\/wp\/v2\/pages"}],"about":[{"href":"https:\/\/www.ghislainegarcin.fr\/en\/wp-json\/wp\/v2\/types\/page"}],"author":[{"embeddable":true,"href":"https:\/\/www.ghislainegarcin.fr\/en\/wp-json\/wp\/v2\/users\/1"}],"replies":[{"embeddable":true,"href":"https:\/\/www.ghislainegarcin.fr\/en\/wp-json\/wp\/v2\/comments?post=1597"}],"version-history":[{"count":175,"href":"https:\/\/www.ghislainegarcin.fr\/en\/wp-json\/wp\/v2\/pages\/1597\/revisions"}],"predecessor-version":[{"id":3673,"href":"https:\/\/www.ghislainegarcin.fr\/en\/wp-json\/wp\/v2\/pages\/1597\/revisions\/3673"}],"wp:attachment":[{"href":"https:\/\/www.ghislainegarcin.fr\/en\/wp-json\/wp\/v2\/media?parent=1597"}],"curies":[{"name":"wp","href":"https:\/\/api.w.org\/{rel}","templated":true}]}}